{"id":8726,"date":"2023-07-05T15:54:31","date_gmt":"2023-07-05T13:54:31","guid":{"rendered":"https:\/\/www.casadelmoviment.com\/?page_id=8726"},"modified":"2026-01-16T09:48:39","modified_gmt":"2026-01-16T08:48:39","slug":"politica-de-privacidad","status":"publish","type":"page","link":"https:\/\/www.casadelmoviment.com\/es\/politica-de-privacidad\/","title":{"rendered":"Pol\u00edtica de privacidad"},"content":{"rendered":"<div data-elementor-type=\"wp-page\" data-elementor-id=\"8726\" class=\"elementor elementor-8726\" data-elementor-settings=\"[]\">\n\t\t\t\t\t\t<div class=\"elementor-inner\">\n\t\t\t\t\t\t\t<div class=\"elementor-section-wrap\">\n\t\t\t\t\t\t\t<section data-particle_enable=\"false\" data-particle-mobile-disabled=\"false\" class=\"elementor-section elementor-top-section elementor-element elementor-element-6b1235d qodef-elementor-content-grid elementor-section-boxed elementor-section-height-default elementor-section-height-default\" data-id=\"6b1235d\" data-element_type=\"section\" data-settings=\"{&quot;background_background&quot;:&quot;classic&quot;}\">\n\t\t\t\t\t\t<div class=\"elementor-container elementor-column-gap-wide\">\n\t\t\t\t\t\t\t<div class=\"elementor-row\">\n\t\t\t\t\t<div class=\"elementor-column elementor-col-100 elementor-top-column elementor-element elementor-element-3bdb709\" data-id=\"3bdb709\" data-element_type=\"column\">\n\t\t\t<div class=\"elementor-column-wrap elementor-element-populated\">\n\t\t\t\t\t\t\t<div class=\"elementor-widget-wrap\">\n\t\t\t\t\t\t<div class=\"elementor-element elementor-element-6e4f807 elementor-widget elementor-widget-text-editor\" data-id=\"6e4f807\" data-element_type=\"widget\" data-widget_type=\"text-editor.default\">\n\t\t\t\t<div class=\"elementor-widget-container\">\n\t\t\t\t\t\t\t\t<div class=\"elementor-text-editor elementor-clearfix\">\n\t\t\t\t<p class=\"p2\"><b>1. Responsable del tratamiento<\/b><\/p><p class=\"p3\">En cumplimiento del Reglamento (UE) 2016\/679 (RGPD) y la Ley Org\u00e1nica 3\/2018 (LOPDGDD), se informa que los datos personales facilitados ser\u00e1n tratados por:<\/p><ul class=\"ul1\"><li class=\"li3\"><b>Responsables:<\/b> Raquel Mir\u00f3 Roca y Carl Staaf<\/li><li class=\"li3\"><b>NIFs:<\/b> 53033785V y Y5715607Y<\/li><li class=\"li3\"><b>Nombre comercial:<\/b> Casa del Movimiento<\/li><li class=\"li3\"><b>Correo electr\u00f3nico:<\/b> <a href=\"mailto:info@casadelmoviment.com\">info@casadelmoviment.com<\/a><\/li><li class=\"li3\"><b>Sitio web:<\/b> <a href=\"https:\/\/www.casadelmoviment.com\/es\/\"><span class=\"s2\">www.casadelmoviment.com<\/span><\/a><\/li><\/ul><p class=\"p2\"><b>2. Finalidad del tratamiento<\/b><\/p><p class=\"p3\">Los datos personales del usuario se tratar\u00e1n con las siguientes finalidades:<\/p><ul class=\"ul1\"><li class=\"li3\">Gestionar las compras o reservas realizadas a trav\u00e9s del sitio web.<\/li><li class=\"li3\">Responder a consultas o solicitudes de informaci\u00f3n enviadas mediante los formularios de contacto.<\/li><li class=\"li3\">Enviar comunicaciones informativas o promocionales relacionadas con actividades de yoga, formaciones y retiros (s\u00f3lo si el usuario ha dado su consentimiento).<\/li><\/ul><p class=\"p2\"><b>3. Legitimaci\u00f3n del tratamiento<\/b><\/p><p class=\"p3\">El tratamiento de los datos se basa en:<\/p><ul class=\"ul1\"><li class=\"li3\">La ejecuci\u00f3n de un contrato de compra o prestaci\u00f3n de servicios.<\/li><li class=\"li3\">El consentimiento expreso del interesado (en suscripciones a boletines, formularios, etc.).<\/li><li class=\"li3\">El cumplimiento de obligaciones legales aplicables a la responsable.<\/li><\/ul><p class=\"p2\"><b>4. Conservaci\u00f3n de los datos<\/b><\/p><p class=\"p3\">Los datos personales se conservar\u00e1n mientras exista una relaci\u00f3n comercial y durante el tiempo necesario para cumplir con obligaciones legales o resolver posibles responsabilidades derivadas del tratamiento.<\/p><p class=\"p2\"><b>5. Comunicaci\u00f3n de datos a terceros<\/b><\/p><p class=\"p3\">Los datos no se ceder\u00e1n a terceros, salvo obligaci\u00f3n legal o cuando sea necesario para la correcta prestaci\u00f3n del servicio (por ejemplo, empresas de mensajer\u00eda o plataformas de pago seguras).<\/p><p class=\"p2\"><b>6. Derechos de los usuarios<\/b><\/p><p class=\"p3\">El usuario puede ejercer en cualquier momento sus derechos de:<\/p><ul class=\"ul1\"><li class=\"li3\">Acceso<\/li><li class=\"li3\">Rectificaci\u00f3n<\/li><li class=\"li3\">Supresi\u00f3n<\/li><li class=\"li3\">Limitaci\u00f3n del tratamiento<\/li><li class=\"li3\">Portabilidad<\/li><li class=\"li3\">Oposici\u00f3n<\/li><\/ul><p class=\"p3\">Para ejercerlos, puede enviar un correo a <b>info@casadelmoviment.com<\/b>, indicando el derecho que desea ejercer y adjuntando una copia de su documento de identidad.<\/p><p class=\"p2\"><b>7. Seguridad de los datos<\/b><\/p><p class=\"p3\">Casa del Movimiento aplica medidas t\u00e9cnicas y organizativas adecuadas para garantizar la seguridad de los datos personales y evitar su alteraci\u00f3n, p\u00e9rdida o acceso no autorizado.<\/p><p class=\"p2\"><b>8. Comunicaciones comerciales<\/b><\/p><p class=\"p3\">El usuario s\u00f3lo recibir\u00e1 correos informativos o promocionales si ha dado su consentimiento expreso para ello. En cada env\u00edo se incluir\u00e1 la opci\u00f3n de darse de baja f\u00e1cilmente.<\/p><p class=\"p2\"><b>9. Modificaciones<\/b><\/p><p class=\"p3\">Casa del Moviment es reserva el derecho a modificar esta pol\u00edtica de privacidad para adaptar-la a novetats legislativas o canvis en la prestaci\u00f3n de servicios.<\/p><p><b>\u00daltima actualizaci\u00f3n:<\/b> 7 de Noviembre, 2025.<\/p>\t\t\t\t\t<\/div>\n\t\t\t\t\t\t<\/div>\n\t\t\t\t<\/div>\n\t\t\t\t\t\t<\/div>\n\t\t\t\t\t<\/div>\n\t\t<\/div>\n\t\t\t\t\t\t\t\t<\/div>\n\t\t\t\t\t<\/div>\n\t\t<\/section>\n\t\t\t\t\t\t<\/div>\n\t\t\t\t\t\t<\/div>\n\t\t\t\t\t<\/div>","protected":false},"excerpt":{"rendered":"<p>1. Responsable del tractament En compliment del Reglament (UE) 2016\/679 (RGPD) i la Llei Org\u00e0nica 3\/2018 (LOPDGDD), s&#8217;informa que les dades personals facilitades seran tractades per: Responsables: Raquel Mir\u00f3 Roca y Carl Staaf NIFs: 53033785V y Y5715607Y Nom comercial: Casa del Moviment Correu electr\u00f2nic: info@casadelmoviment.com Lloc web: www.casadelmoviment.com 2. Finalitat del tractament Les dades personals [&hellip;]<\/p>","protected":false},"author":2,"featured_media":0,"parent":0,"menu_order":0,"comment_status":"closed","ping_status":"closed","template":"page-full-width.php","meta":{"footnotes":""},"class_list":["post-8726","page","type-page","status-publish","hentry"],"blog_post_layout_featured_media_urls":{"thumbnail":"","full":""},"categories_names":null,"comments_number":"0","_links":{"self":[{"href":"https:\/\/www.casadelmoviment.com\/es\/wp-json\/wp\/v2\/pages\/8726","targetHints":{"allow":["GET"]}}],"collection":[{"href":"https:\/\/www.casadelmoviment.com\/es\/wp-json\/wp\/v2\/pages"}],"about":[{"href":"https:\/\/www.casadelmoviment.com\/es\/wp-json\/wp\/v2\/types\/page"}],"author":[{"embeddable":true,"href":"https:\/\/www.casadelmoviment.com\/es\/wp-json\/wp\/v2\/users\/2"}],"replies":[{"embeddable":true,"href":"https:\/\/www.casadelmoviment.com\/es\/wp-json\/wp\/v2\/comments?post=8726"}],"version-history":[{"count":35,"href":"https:\/\/www.casadelmoviment.com\/es\/wp-json\/wp\/v2\/pages\/8726\/revisions"}],"predecessor-version":[{"id":11009,"href":"https:\/\/www.casadelmoviment.com\/es\/wp-json\/wp\/v2\/pages\/8726\/revisions\/11009"}],"wp:attachment":[{"href":"https:\/\/www.casadelmoviment.com\/es\/wp-json\/wp\/v2\/media?parent=8726"}],"curies":[{"name":"wp","href":"https:\/\/api.w.org\/{rel}","templated":true}]}}